{"id":9988,"date":"2023-10-25T09:08:09","date_gmt":"2023-10-25T07:08:09","guid":{"rendered":"https:\/\/solartradex.com\/blog\/?page_id=9988"},"modified":"2026-08-28T04:31:35","modified_gmt":"2026-08-28T02:31:35","slug":"solartradex-blog","status":"publish","type":"page","link":"https:\/\/solartradex.com\/blog\/","title":{"rendered":"Solartradex BLOG"},"content":{"rendered":"\t\t<div data-elementor-type=\"wp-page\" data-elementor-id=\"9988\" class=\"elementor elementor-9988\" data-elementor-post-type=\"page\">\n\t\t\t\t\t\t<section class=\"elementor-section elementor-top-section elementor-element elementor-element-ff9accb elementor-section-boxed elementor-section-height-default elementor-section-height-default\" data-id=\"ff9accb\" data-element_type=\"section\" data-e-type=\"section\">\n\t\t\t\t\t\t<div class=\"elementor-container elementor-column-gap-default\">\n\t\t\t\t\t<div class=\"elementor-column elementor-col-100 elementor-top-column elementor-element elementor-element-90331b4\" data-id=\"90331b4\" data-element_type=\"column\" data-e-type=\"column\">\n\t\t\t<div class=\"elementor-widget-wrap elementor-element-populated\">\n\t\t\t\t\t\t<div class=\"elementor-element elementor-element-b3c301a elementor-hidden-tablet elementor-hidden-mobile elementor-widget elementor-widget-image\" data-id=\"b3c301a\" data-element_type=\"widget\" data-e-type=\"widget\" data-widget_type=\"image.default\">\n\t\t\t\t<div class=\"elementor-widget-container\">\n\t\t\t\t\t\t\t\t\t\t\t\t\t\t\t<img fetchpriority=\"high\" decoding=\"async\" width=\"1920\" height=\"600\" src=\"https:\/\/solartradex.com\/blog\/wp-content\/uploads\/2026\/08\/plafon-oficina-mataro-solartradex-transicion-energetica.webp\" class=\"attachment-full size-full wp-image-12281\" alt=\"Ilustraci\u00f3n sobre la transici\u00f3n energ\u00e9tica que preside la oficina de SolarTradex en Matar\u00f3: sol, paneles solares, energ\u00eda compartida entre personas y naturaleza\" srcset=\"https:\/\/solartradex.com\/blog\/wp-content\/uploads\/2026\/08\/plafon-oficina-mataro-solartradex-transicion-energetica.webp 1920w, https:\/\/solartradex.com\/blog\/wp-content\/uploads\/2026\/08\/plafon-oficina-mataro-solartradex-transicion-energetica-768x240.webp 768w, https:\/\/solartradex.com\/blog\/wp-content\/uploads\/2026\/08\/plafon-oficina-mataro-solartradex-transicion-energetica-1024x320.webp 1024w, https:\/\/solartradex.com\/blog\/wp-content\/uploads\/2026\/08\/plafon-oficina-mataro-solartradex-transicion-energetica-300x94.webp 300w, https:\/\/solartradex.com\/blog\/wp-content\/uploads\/2026\/08\/plafon-oficina-mataro-solartradex-transicion-energetica-1536x480.webp 1536w\" sizes=\"(max-width: 1920px) 100vw, 1920px\" title=\"\">\t\t\t\t\t\t\t\t\t\t\t\t\t\t\t<\/div>\n\t\t\t\t<\/div>\n\t\t\t\t\t<\/div>\n\t\t<\/div>\n\t\t\t\t\t<\/div>\n\t\t<\/section>\n\t\t\t\t<section class=\"elementor-section elementor-top-section elementor-element elementor-element-26c12dd elementor-section-boxed elementor-section-height-default elementor-section-height-default\" data-id=\"26c12dd\" data-element_type=\"section\" data-e-type=\"section\">\n\t\t\t\t\t\t<div class=\"elementor-container elementor-column-gap-default\">\n\t\t\t\t\t<div class=\"elementor-column elementor-col-100 elementor-top-column elementor-element elementor-element-c246a86\" data-id=\"c246a86\" data-element_type=\"column\" data-e-type=\"column\">\n\t\t\t<div class=\"elementor-widget-wrap elementor-element-populated\">\n\t\t\t\t\t\t<div class=\"elementor-element elementor-element-28f1bb2b elementor-widget elementor-widget-heading\" data-id=\"28f1bb2b\" data-element_type=\"widget\" data-e-type=\"widget\" data-widget_type=\"heading.default\">\n\t\t\t\t<div class=\"elementor-widget-container\">\n\t\t\t\t\t<h1 class=\"elementor-heading-title elementor-size-default\">Blog sobre Energ\u00eda Solar, Autoconsumo e Independencia Energ\u00e9tica<\/h1>\t\t\t\t<\/div>\n\t\t\t\t<\/div>\n\t\t\t\t\t<\/div>\n\t\t<\/div>\n\t\t\t\t\t<\/div>\n\t\t<\/section>\n\t\t\t\t<section class=\"elementor-section elementor-top-section elementor-element elementor-element-72eb0560 elementor-section-boxed elementor-section-height-default elementor-section-height-default\" data-id=\"72eb0560\" data-element_type=\"section\" data-e-type=\"section\">\n\t\t\t\t\t\t<div class=\"elementor-container elementor-column-gap-default\">\n\t\t\t\t\t<div class=\"elementor-column elementor-col-66 elementor-top-column elementor-element elementor-element-6dbd4c6\" data-id=\"6dbd4c6\" data-element_type=\"column\" data-e-type=\"column\">\n\t\t\t<div class=\"elementor-widget-wrap elementor-element-populated\">\n\t\t\t\t\t\t<div class=\"elementor-element elementor-element-5ab3534f elementor-grid-2 elementor-grid-tablet-2 elementor-grid-mobile-1 elementor-posts--thumbnail-top elementor-posts__hover-gradient elementor-widget elementor-widget-posts\" data-id=\"5ab3534f\" data-element_type=\"widget\" data-e-type=\"widget\" data-settings=\"{&quot;cards_row_gap&quot;:{&quot;unit&quot;:&quot;px&quot;,&quot;size&quot;:30,&quot;sizes&quot;:[]},&quot;cards_columns&quot;:&quot;2&quot;,&quot;pagination_type&quot;:&quot;numbers&quot;,&quot;cards_columns_tablet&quot;:&quot;2&quot;,&quot;cards_columns_mobile&quot;:&quot;1&quot;,&quot;cards_row_gap_tablet&quot;:{&quot;unit&quot;:&quot;px&quot;,&quot;size&quot;:&quot;&quot;,&quot;sizes&quot;:[]},&quot;cards_row_gap_mobile&quot;:{&quot;unit&quot;:&quot;px&quot;,&quot;size&quot;:&quot;&quot;,&quot;sizes&quot;:[]}}\" data-widget_type=\"posts.cards\">\n\t\t\t\t<div class=\"elementor-widget-container\">\n\t\t\t\t\t\t\t<div class=\"elementor-posts-container elementor-posts elementor-posts--skin-cards elementor-grid\">\n\t\t\t\t<article class=\"elementor-post elementor-grid-item post-11902 post type-post status-publish format-standard has-post-thumbnail hentry category-ahorro-energetico tag-aerotermia-baleares tag-autoconsumo-baleares tag-ayudas-energeticas tag-baleares tag-baterias tag-factor-de-insularidad tag-fotopar tag-piteib\">\n\t\t\t<div class=\"elementor-post__card\">\n\t\t\t\t<a class=\"elementor-post__thumbnail__link\" href=\"https:\/\/solartradex.com\/blog\/factor-de-insularidad-2026-2027-baleares\/\" tabindex=\"-1\"><div class=\"elementor-post__thumbnail\"><img decoding=\"async\" width=\"768\" height=\"512\" src=\"https:\/\/solartradex.com\/blog\/wp-content\/uploads\/2026\/07\/factor-insularidad-2026-2027-baleares-solartradex-768x512.jpg\" class=\"attachment-medium size-medium wp-image-11924\" alt=\"factor insularidad 2026 2027 baleares solartradex\" srcset=\"https:\/\/solartradex.com\/blog\/wp-content\/uploads\/2026\/07\/factor-insularidad-2026-2027-baleares-solartradex-768x512.jpg 768w, https:\/\/solartradex.com\/blog\/wp-content\/uploads\/2026\/07\/factor-insularidad-2026-2027-baleares-solartradex-300x200.jpg 300w, https:\/\/solartradex.com\/blog\/wp-content\/uploads\/2026\/07\/factor-insularidad-2026-2027-baleares-solartradex.jpg 1011w\" sizes=\"(max-width: 768px) 100vw, 768px\" title=\"\"><\/div><\/a>\n\t\t\t\t<div class=\"elementor-post__badge\">Ahorro Energ\u00e9tico<\/div>\n\t\t\t\t<div class=\"elementor-post__text\">\n\t\t\t\t<h2 class=\"elementor-post__title\">\n\t\t\t<a href=\"https:\/\/solartradex.com\/blog\/factor-de-insularidad-2026-2027-baleares\/\">\n\t\t\t\tConvocatoria Factor de Insularidad 2026-2027 en las Islas Baleares: an\u00e1lisis de los cuatro programas oficiales y sinergias fiscales\t\t\t<\/a>\n\t\t<\/h2>\n\t\t\t\t<div class=\"elementor-post__excerpt\">\n\t\t\t<p>An\u00e1lisis del marco de ayudas energ\u00e9ticas en Illes Balears 2026: FACTOR, FOTOPAR, sinergias con IRPF y bonificaciones locales. El impacto del apag\u00f3n 2025.<\/p>\n\t\t<\/div>\n\t\t\t\t\t<div class=\"elementor-post__read-more-wrapper\">\n\t\t\n\t\t<a class=\"elementor-post__read-more\" href=\"https:\/\/solartradex.com\/blog\/factor-de-insularidad-2026-2027-baleares\/\" aria-label=\"Read more about Convocatoria Factor de Insularidad 2026-2027 en las Islas Baleares: an\u00e1lisis de los cuatro programas oficiales y sinergias fiscales\" tabindex=\"-1\">\n\t\t\tLeer m\u00e1s <i class=\"fa fa-arrow-right\"><\/i>\t\t<\/a>\n\n\t\t\t\t\t<\/div>\n\t\t\t\t<\/div>\n\t\t\t\t\t<\/div>\n\t\t<\/article>\n\t\t\t\t<article class=\"elementor-post elementor-grid-item post-11288 post type-post status-publish format-standard has-post-thumbnail hentry category-ahorro-energetico tag-aerotermia tag-autoconsumo tag-deducciones-irpf tag-propiedad-horizontal tag-rdl-7-2026 tag-transicion-energetica\">\n\t\t\t<div class=\"elementor-post__card\">\n\t\t\t\t<a class=\"elementor-post__thumbnail__link\" href=\"https:\/\/solartradex.com\/blog\/deducciones-incentivos-guia-rdl-07-2026-irpf-autoconsumo-solar\/\" tabindex=\"-1\"><div class=\"elementor-post__thumbnail\"><img decoding=\"async\" width=\"768\" height=\"506\" src=\"https:\/\/solartradex.com\/blog\/wp-content\/uploads\/2026\/04\/guia-rdl-thumb-768-x-506-px.jpg\" class=\"attachment-medium size-medium wp-image-11739\" alt=\"Paquete de medidas del RDL 7\/2026 centrado en las deducciones en el IRPF por autoconsumo y eficiencia energ\u00e9tica\" srcset=\"https:\/\/solartradex.com\/blog\/wp-content\/uploads\/2026\/04\/guia-rdl-thumb-768-x-506-px.jpg 768w, https:\/\/solartradex.com\/blog\/wp-content\/uploads\/2026\/04\/guia-rdl-thumb-768-x-506-px-300x198.jpg 300w\" sizes=\"(max-width: 768px) 100vw, 768px\" title=\"\"><\/div><\/a>\n\t\t\t\t<div class=\"elementor-post__badge\">Ahorro Energ\u00e9tico<\/div>\n\t\t\t\t<div class=\"elementor-post__text\">\n\t\t\t\t<h2 class=\"elementor-post__title\">\n\t\t\t<a href=\"https:\/\/solartradex.com\/blog\/deducciones-incentivos-guia-rdl-07-2026-irpf-autoconsumo-solar\/\">\n\t\t\t\tRDL 7\/2026: an\u00e1lisis de las medidas que reconfiguran el autoconsumo, la eficiencia energ\u00e9tica y el acceso a la red\t\t\t<\/a>\n\t\t<\/h2>\n\t\t\t\t<div class=\"elementor-post__excerpt\">\n\t\t\t<p>El Gobierno ha aprobado el Real Decreto-ley 7\/2026, un paquete de medidas hist\u00f3rico dise\u00f1ado para acelerar la electrificaci\u00f3n y penalizar la dependencia de los combustibles f\u00f3siles (como el gas natural).<\/p>\n\t\t<\/div>\n\t\t\t\t\t<div class=\"elementor-post__read-more-wrapper\">\n\t\t\n\t\t<a class=\"elementor-post__read-more\" href=\"https:\/\/solartradex.com\/blog\/deducciones-incentivos-guia-rdl-07-2026-irpf-autoconsumo-solar\/\" aria-label=\"Read more about RDL 7\/2026: an\u00e1lisis de las medidas que reconfiguran el autoconsumo, la eficiencia energ\u00e9tica y el acceso a la red\" tabindex=\"-1\">\n\t\t\tLeer m\u00e1s <i class=\"fa fa-arrow-right\"><\/i>\t\t<\/a>\n\n\t\t\t\t\t<\/div>\n\t\t\t\t<\/div>\n\t\t\t\t\t<\/div>\n\t\t<\/article>\n\t\t\t\t<article class=\"elementor-post elementor-grid-item post-11262 post type-post status-publish format-standard has-post-thumbnail hentry category-instalaciones-solares tag-bateria-huawei tag-huawei-luna-s-1\">\n\t\t\t<div class=\"elementor-post__card\">\n\t\t\t\t<a class=\"elementor-post__thumbnail__link\" href=\"https:\/\/solartradex.com\/blog\/huawei-presenta-la-bateria-lunas0-lunas1-huawei\/\" tabindex=\"-1\"><div class=\"elementor-post__thumbnail\"><img loading=\"lazy\" decoding=\"async\" width=\"768\" height=\"506\" src=\"https:\/\/solartradex.com\/blog\/wp-content\/uploads\/2026\/04\/Luna-S0-768-x-506-px.jpg\" class=\"attachment-medium size-medium wp-image-11280\" alt=\"Luna S0 (768 x 506 px)\" srcset=\"https:\/\/solartradex.com\/blog\/wp-content\/uploads\/2026\/04\/Luna-S0-768-x-506-px.jpg 768w, https:\/\/solartradex.com\/blog\/wp-content\/uploads\/2026\/04\/Luna-S0-768-x-506-px-300x198.jpg 300w\" sizes=\"(max-width: 768px) 100vw, 768px\" title=\"\"><\/div><\/a>\n\t\t\t\t<div class=\"elementor-post__badge\">Instalaciones solares<\/div>\n\t\t\t\t<div class=\"elementor-post__text\">\n\t\t\t\t<h2 class=\"elementor-post__title\">\n\t\t\t<a href=\"https:\/\/solartradex.com\/blog\/huawei-presenta-la-bateria-lunas0-lunas1-huawei\/\">\n\t\t\t\tHuawei presenta la bater\u00eda LUNA &#8211; S1 y finaliza la producci\u00f3n del modelo LUNA-S0\t\t\t<\/a>\n\t\t<\/h2>\n\t\t\t\t<div class=\"elementor-post__excerpt\">\n\t\t\t<p>Huawei contin\u00faa apostando por la innovaci\u00f3n en soluciones de almacenamiento energ\u00e9tico y anuncia la llegada de su nueva bater\u00eda LUNA-S1, una evoluci\u00f3n tecnol\u00f3gica que mejora el rendimiento, la seguridad y la eficiencia de los sistemas de autoconsumo.<\/p>\n\t\t<\/div>\n\t\t\t\t\t<div class=\"elementor-post__read-more-wrapper\">\n\t\t\n\t\t<a class=\"elementor-post__read-more\" href=\"https:\/\/solartradex.com\/blog\/huawei-presenta-la-bateria-lunas0-lunas1-huawei\/\" aria-label=\"Read more about Huawei presenta la bater\u00eda LUNA &#8211; S1 y finaliza la producci\u00f3n del modelo LUNA-S0\" tabindex=\"-1\">\n\t\t\tLeer m\u00e1s <i class=\"fa fa-arrow-right\"><\/i>\t\t<\/a>\n\n\t\t\t\t\t<\/div>\n\t\t\t\t<\/div>\n\t\t\t\t\t<\/div>\n\t\t<\/article>\n\t\t\t\t<article class=\"elementor-post elementor-grid-item post-11186 post type-post status-publish format-standard has-post-thumbnail hentry category-ahorro-energetico tag-next-generation tag-subvenciones-next-generation\">\n\t\t\t<div class=\"elementor-post__card\">\n\t\t\t\t<a class=\"elementor-post__thumbnail__link\" href=\"https:\/\/solartradex.com\/blog\/ayudas-next-generation-solar\/\" tabindex=\"-1\"><div class=\"elementor-post__thumbnail\"><img loading=\"lazy\" decoding=\"async\" width=\"768\" height=\"506\" src=\"https:\/\/solartradex.com\/blog\/wp-content\/uploads\/2026\/03\/next-gen-768-x-506-px.jpg\" class=\"attachment-medium size-medium wp-image-11197\" alt=\"next gen (768 x 506 px)\" srcset=\"https:\/\/solartradex.com\/blog\/wp-content\/uploads\/2026\/03\/next-gen-768-x-506-px.jpg 768w, https:\/\/solartradex.com\/blog\/wp-content\/uploads\/2026\/03\/next-gen-768-x-506-px-300x198.jpg 300w\" sizes=\"(max-width: 768px) 100vw, 768px\" title=\"\"><\/div><\/a>\n\t\t\t\t<div class=\"elementor-post__badge\">Ahorro Energ\u00e9tico<\/div>\n\t\t\t\t<div class=\"elementor-post__text\">\n\t\t\t\t<h2 class=\"elementor-post__title\">\n\t\t\t<a href=\"https:\/\/solartradex.com\/blog\/ayudas-next-generation-solar\/\">\n\t\t\t\tAyudas Next Generation y autoconsumo solar: \u00abhistoria\u00bb o \u00abtragicomedia\u00bb de las subvenciones\t\t\t<\/a>\n\t\t<\/h2>\n\t\t\t\t<div class=\"elementor-post__excerpt\">\n\t\t\t<p>Todo empez\u00f3 el 30 de junio de 2021 cuando se publicaron las bases de las primeras ayudas Next Generation.<\/p>\n\t\t<\/div>\n\t\t\t\t\t<div class=\"elementor-post__read-more-wrapper\">\n\t\t\n\t\t<a class=\"elementor-post__read-more\" href=\"https:\/\/solartradex.com\/blog\/ayudas-next-generation-solar\/\" aria-label=\"Read more about Ayudas Next Generation y autoconsumo solar: \u00abhistoria\u00bb o \u00abtragicomedia\u00bb de las subvenciones\" tabindex=\"-1\">\n\t\t\tLeer m\u00e1s <i class=\"fa fa-arrow-right\"><\/i>\t\t<\/a>\n\n\t\t\t\t\t<\/div>\n\t\t\t\t<\/div>\n\t\t\t\t\t<\/div>\n\t\t<\/article>\n\t\t\t\t<article class=\"elementor-post elementor-grid-item post-11123 post type-post status-publish format-standard has-post-thumbnail hentry category-ahorro-energetico tag-almacenamiento-energia-baleares tag-ayudas-fotopar-2026 tag-ayudas-islas-baleares-2026 tag-fotopar\">\n\t\t\t<div class=\"elementor-post__card\">\n\t\t\t\t<a class=\"elementor-post__thumbnail__link\" href=\"https:\/\/solartradex.com\/blog\/ayudas-fotopar-2026-baterias-baleares\/\" tabindex=\"-1\"><div class=\"elementor-post__thumbnail\"><img loading=\"lazy\" decoding=\"async\" width=\"768\" height=\"506\" src=\"https:\/\/solartradex.com\/blog\/wp-content\/uploads\/2026\/01\/FOTOPAR-BATERIES-BLOG-768-x-506-px.jpg\" class=\"attachment-medium size-medium wp-image-11137\" alt=\"FOTOPAR BATERIES BLOG (768 x 506 px)\" srcset=\"https:\/\/solartradex.com\/blog\/wp-content\/uploads\/2026\/01\/FOTOPAR-BATERIES-BLOG-768-x-506-px.jpg 768w, https:\/\/solartradex.com\/blog\/wp-content\/uploads\/2026\/01\/FOTOPAR-BATERIES-BLOG-768-x-506-px-300x198.jpg 300w\" sizes=\"(max-width: 768px) 100vw, 768px\" title=\"\"><\/div><\/a>\n\t\t\t\t<div class=\"elementor-post__badge\">Ahorro Energ\u00e9tico<\/div>\n\t\t\t\t<div class=\"elementor-post__text\">\n\t\t\t\t<h2 class=\"elementor-post__title\">\n\t\t\t<a href=\"https:\/\/solartradex.com\/blog\/ayudas-fotopar-2026-baterias-baleares\/\">\n\t\t\t\tAyudas Fotopar 2026 para Bater\u00edas: Por qu\u00e9 es recomendable ampliar m\u00e1s de lo que crees\t\t\t<\/a>\n\t\t<\/h2>\n\t\t\t\t<div class=\"elementor-post__excerpt\">\n\t\t\t<p>Si tienes paneles solares en Baleares, seguramente has o\u00eddo hablar de las ayudas FOTOPAR para instalar bater\u00edas. <\/p>\n\t\t<\/div>\n\t\t\t\t\t<div class=\"elementor-post__read-more-wrapper\">\n\t\t\n\t\t<a class=\"elementor-post__read-more\" href=\"https:\/\/solartradex.com\/blog\/ayudas-fotopar-2026-baterias-baleares\/\" aria-label=\"Read more about Ayudas Fotopar 2026 para Bater\u00edas: Por qu\u00e9 es recomendable ampliar m\u00e1s de lo que crees\" tabindex=\"-1\">\n\t\t\tLeer m\u00e1s <i class=\"fa fa-arrow-right\"><\/i>\t\t<\/a>\n\n\t\t\t\t\t<\/div>\n\t\t\t\t<\/div>\n\t\t\t\t\t<\/div>\n\t\t<\/article>\n\t\t\t\t<article class=\"elementor-post elementor-grid-item post-11063 post type-post status-publish format-standard has-post-thumbnail hentry category-instalaciones-solares\">\n\t\t\t<div class=\"elementor-post__card\">\n\t\t\t\t<a class=\"elementor-post__thumbnail__link\" href=\"https:\/\/solartradex.com\/blog\/mantenimiento-instalaciones-solares-industriales\/\" tabindex=\"-1\"><div class=\"elementor-post__thumbnail\"><img loading=\"lazy\" decoding=\"async\" width=\"768\" height=\"506\" src=\"https:\/\/solartradex.com\/blog\/wp-content\/uploads\/2025\/11\/Sin-titulo-768-x-506-px-1.jpg\" class=\"attachment-medium size-medium wp-image-11097\" alt=\"Sin t\u00edtulo (768 x 506 px)\" srcset=\"https:\/\/solartradex.com\/blog\/wp-content\/uploads\/2025\/11\/Sin-titulo-768-x-506-px-1.jpg 768w, https:\/\/solartradex.com\/blog\/wp-content\/uploads\/2025\/11\/Sin-titulo-768-x-506-px-1-300x198.jpg 300w\" sizes=\"(max-width: 768px) 100vw, 768px\" title=\"\"><\/div><\/a>\n\t\t\t\t<div class=\"elementor-post__badge\">Instalaciones solares<\/div>\n\t\t\t\t<div class=\"elementor-post__text\">\n\t\t\t\t<h2 class=\"elementor-post__title\">\n\t\t\t<a href=\"https:\/\/solartradex.com\/blog\/mantenimiento-instalaciones-solares-industriales\/\">\n\t\t\t\tMantenimiento de Instalaciones Solares Industriales: Seguridad, Rendimiento y Cumplimiento del Decreto 192\/2023\t\t\t<\/a>\n\t\t<\/h2>\n\t\t\t\t<div class=\"elementor-post__excerpt\">\n\t\t\t<p>Un mantenimiento adecuado es imprescindible para garantizar la seguridad y obtener el m\u00e1ximo rendimiento de la instalaci\u00f3n.<\/p>\n\t\t<\/div>\n\t\t\t\t\t<div class=\"elementor-post__read-more-wrapper\">\n\t\t\n\t\t<a class=\"elementor-post__read-more\" href=\"https:\/\/solartradex.com\/blog\/mantenimiento-instalaciones-solares-industriales\/\" aria-label=\"Read more about Mantenimiento de Instalaciones Solares Industriales: Seguridad, Rendimiento y Cumplimiento del Decreto 192\/2023\" tabindex=\"-1\">\n\t\t\tLeer m\u00e1s <i class=\"fa fa-arrow-right\"><\/i>\t\t<\/a>\n\n\t\t\t\t\t<\/div>\n\t\t\t\t<\/div>\n\t\t\t\t\t<\/div>\n\t\t<\/article>\n\t\t\t\t<article class=\"elementor-post elementor-grid-item post-10910 post type-post status-publish format-standard has-post-thumbnail hentry category-instalaciones-solares tag-energia-solar tag-fotovoltaica tag-sunpower tag-sunpower-performance tag-tecnologia-topcon\">\n\t\t\t<div class=\"elementor-post__card\">\n\t\t\t\t<a class=\"elementor-post__thumbnail__link\" href=\"https:\/\/solartradex.com\/blog\/paneles-solares-sunpower-performance\/\" tabindex=\"-1\"><div class=\"elementor-post__thumbnail\"><img loading=\"lazy\" decoding=\"async\" width=\"768\" height=\"506\" src=\"https:\/\/solartradex.com\/blog\/wp-content\/uploads\/2025\/11\/caratula-video-SunPower-Performance-i-Frederic-Andreu-thum-768x506.jpg\" class=\"attachment-medium size-medium wp-image-11018\" alt=\"caratula v\u00eddeo SunPower Performance i Frederic Andreu thum\" srcset=\"https:\/\/solartradex.com\/blog\/wp-content\/uploads\/2025\/11\/caratula-video-SunPower-Performance-i-Frederic-Andreu-thum-768x506.jpg 768w, https:\/\/solartradex.com\/blog\/wp-content\/uploads\/2025\/11\/caratula-video-SunPower-Performance-i-Frederic-Andreu-thum-1024x675.jpg 1024w, https:\/\/solartradex.com\/blog\/wp-content\/uploads\/2025\/11\/caratula-video-SunPower-Performance-i-Frederic-Andreu-thum-300x198.jpg 300w, https:\/\/solartradex.com\/blog\/wp-content\/uploads\/2025\/11\/caratula-video-SunPower-Performance-i-Frederic-Andreu-thum.jpg 1100w\" sizes=\"(max-width: 768px) 100vw, 768px\" title=\"\"><\/div><\/a>\n\t\t\t\t<div class=\"elementor-post__badge\">Instalaciones solares<\/div>\n\t\t\t\t<div class=\"elementor-post__text\">\n\t\t\t\t<h2 class=\"elementor-post__title\">\n\t\t\t<a href=\"https:\/\/solartradex.com\/blog\/paneles-solares-sunpower-performance\/\">\n\t\t\t\tLas 7 Claves de Ingenier\u00eda que hacen que los Paneles Solares SunPower Performance duren y produzcan m\u00e1s\t\t\t<\/a>\n\t\t<\/h2>\n\t\t\t\t<div class=\"elementor-post__excerpt\">\n\t\t\t<p>Cuando analices las diferentes soluciones de instalaci\u00f3n solar, es muy importante que no veas el panel como un simple art\u00edculo m\u00e1s.<\/p>\n\t\t<\/div>\n\t\t\t\t\t<div class=\"elementor-post__read-more-wrapper\">\n\t\t\n\t\t<a class=\"elementor-post__read-more\" href=\"https:\/\/solartradex.com\/blog\/paneles-solares-sunpower-performance\/\" aria-label=\"Read more about Las 7 Claves de Ingenier\u00eda que hacen que los Paneles Solares SunPower Performance duren y produzcan m\u00e1s\" tabindex=\"-1\">\n\t\t\tLeer m\u00e1s <i class=\"fa fa-arrow-right\"><\/i>\t\t<\/a>\n\n\t\t\t\t\t<\/div>\n\t\t\t\t<\/div>\n\t\t\t\t\t<\/div>\n\t\t<\/article>\n\t\t\t\t<article class=\"elementor-post elementor-grid-item post-10442 post type-post status-publish format-standard has-post-thumbnail hentry category-autoconsumo tag-almacenamiento tag-apagon-electrico tag-electricidad tag-espana tag-huawei-luna-s-1 tag-resiliencia-energetica-2\">\n\t\t\t<div class=\"elementor-post__card\">\n\t\t\t\t<a class=\"elementor-post__thumbnail__link\" href=\"https:\/\/solartradex.com\/blog\/apagon-electrico-espana\/\" tabindex=\"-1\"><div class=\"elementor-post__thumbnail\"><img loading=\"lazy\" decoding=\"async\" width=\"300\" height=\"169\" src=\"https:\/\/solartradex.com\/blog\/wp-content\/uploads\/2025\/05\/Apagada_Electrica-2-300x169.jpg\" class=\"attachment-medium size-medium wp-image-10446\" alt=\"Apag\u00f3n El\u00e9ctrico\" srcset=\"https:\/\/solartradex.com\/blog\/wp-content\/uploads\/2025\/05\/Apagada_Electrica-2-300x169.jpg 300w, https:\/\/solartradex.com\/blog\/wp-content\/uploads\/2025\/05\/Apagada_Electrica-2-1024x575.jpg 1024w, https:\/\/solartradex.com\/blog\/wp-content\/uploads\/2025\/05\/Apagada_Electrica-2-768x431.jpg 768w, https:\/\/solartradex.com\/blog\/wp-content\/uploads\/2025\/05\/Apagada_Electrica-2.jpg 1280w\" sizes=\"(max-width: 300px) 100vw, 300px\" title=\"\"><\/div><\/a>\n\t\t\t\t<div class=\"elementor-post__badge\">Autoconsumo<\/div>\n\t\t\t\t<div class=\"elementor-post__text\">\n\t\t\t\t<h2 class=\"elementor-post__title\">\n\t\t\t<a href=\"https:\/\/solartradex.com\/blog\/apagon-electrico-espana\/\">\n\t\t\t\tApag\u00f3n el\u00e9ctrico en Espa\u00f1a: C\u00f3mo los paneles solares y las bater\u00edas mejoran la resiliencia energ\u00e9tica\t\t\t<\/a>\n\t\t<\/h2>\n\t\t\t\t<div class=\"elementor-post__excerpt\">\n\t\t\t<p>An\u00e1lisis del cero el\u00e9ctrico del 28 de abril y los apagones en Espa\u00f1a: causas t\u00e9cnicas y c\u00f3mo las bater\u00edas con modo isla protegen tu suministro.<\/p>\n\t\t<\/div>\n\t\t\t\t\t<div class=\"elementor-post__read-more-wrapper\">\n\t\t\n\t\t<a class=\"elementor-post__read-more\" href=\"https:\/\/solartradex.com\/blog\/apagon-electrico-espana\/\" aria-label=\"Read more about Apag\u00f3n el\u00e9ctrico en Espa\u00f1a: C\u00f3mo los paneles solares y las bater\u00edas mejoran la resiliencia energ\u00e9tica\" tabindex=\"-1\">\n\t\t\tLeer m\u00e1s <i class=\"fa fa-arrow-right\"><\/i>\t\t<\/a>\n\n\t\t\t\t\t<\/div>\n\t\t\t\t<\/div>\n\t\t\t\t\t<\/div>\n\t\t<\/article>\n\t\t\t\t<article class=\"elementor-post elementor-grid-item post-10366 post type-post status-publish format-standard has-post-thumbnail hentry category-ahorro-energetico tag-huawei-luna-s-1 tag-subvenciones-next-generation\">\n\t\t\t<div class=\"elementor-post__card\">\n\t\t\t\t<a class=\"elementor-post__thumbnail__link\" href=\"https:\/\/solartradex.com\/blog\/como-cobrar-la-subvencion-de-la-instalacion-solar\/\" tabindex=\"-1\"><div class=\"elementor-post__thumbnail\"><img loading=\"lazy\" decoding=\"async\" width=\"300\" height=\"200\" src=\"https:\/\/solartradex.com\/blog\/wp-content\/uploads\/2024\/06\/cobrar-subvencio-de-la-instalacio-300x200.jpg\" class=\"attachment-medium size-medium wp-image-10349\" alt=\"\" srcset=\"https:\/\/solartradex.com\/blog\/wp-content\/uploads\/2024\/06\/cobrar-subvencio-de-la-instalacio-300x200.jpg 300w, https:\/\/solartradex.com\/blog\/wp-content\/uploads\/2024\/06\/cobrar-subvencio-de-la-instalacio-768x511.jpg 768w, https:\/\/solartradex.com\/blog\/wp-content\/uploads\/2024\/06\/cobrar-subvencio-de-la-instalacio.jpg 849w\" sizes=\"(max-width: 300px) 100vw, 300px\" title=\"\"><\/div><\/a>\n\t\t\t\t<div class=\"elementor-post__badge\">Ahorro Energ\u00e9tico<\/div>\n\t\t\t\t<div class=\"elementor-post__text\">\n\t\t\t\t<h2 class=\"elementor-post__title\">\n\t\t\t<a href=\"https:\/\/solartradex.com\/blog\/como-cobrar-la-subvencion-de-la-instalacion-solar\/\">\n\t\t\t\tC\u00f3mo cobrar la subvenci\u00f3n de tu instalaci\u00f3n solar si tu empresa instaladora ya no existe o no contesta. Gu\u00eda completa.\t\t\t<\/a>\n\t\t<\/h2>\n\t\t\t\t<div class=\"elementor-post__excerpt\">\n\t\t\t<p>Las subvenciones Next Generation para el autoconsumo en Catalu\u00f1a se han convertido en una pesadilla para todos los implicados.<\/p>\n\t\t<\/div>\n\t\t\t\t\t<div class=\"elementor-post__read-more-wrapper\">\n\t\t\n\t\t<a class=\"elementor-post__read-more\" href=\"https:\/\/solartradex.com\/blog\/como-cobrar-la-subvencion-de-la-instalacion-solar\/\" aria-label=\"Read more about C\u00f3mo cobrar la subvenci\u00f3n de tu instalaci\u00f3n solar si tu empresa instaladora ya no existe o no contesta. Gu\u00eda completa.\" tabindex=\"-1\">\n\t\t\tLeer m\u00e1s <i class=\"fa fa-arrow-right\"><\/i>\t\t<\/a>\n\n\t\t\t\t\t<\/div>\n\t\t\t\t<\/div>\n\t\t\t\t\t<\/div>\n\t\t<\/article>\n\t\t\t\t<article class=\"elementor-post elementor-grid-item post-10251 post type-post status-publish format-standard has-post-thumbnail hentry category-instalaciones-solares\">\n\t\t\t<div class=\"elementor-post__card\">\n\t\t\t\t<a class=\"elementor-post__thumbnail__link\" href=\"https:\/\/solartradex.com\/blog\/7-razones-para-instalar-placas-solares-en-casa-este-ano-2024\/\" tabindex=\"-1\"><div class=\"elementor-post__thumbnail\"><img loading=\"lazy\" decoding=\"async\" width=\"300\" height=\"200\" src=\"https:\/\/solartradex.com\/blog\/wp-content\/uploads\/2024\/01\/raons-per-instalar-plaques-solars-aquest-2024-300x200.jpg\" class=\"attachment-medium size-medium wp-image-10253\" alt=\"7 razones para instalar placas solares en casa este a\u00f1o 2024.\" srcset=\"https:\/\/solartradex.com\/blog\/wp-content\/uploads\/2024\/01\/raons-per-instalar-plaques-solars-aquest-2024-300x200.jpg 300w, https:\/\/solartradex.com\/blog\/wp-content\/uploads\/2024\/01\/raons-per-instalar-plaques-solars-aquest-2024-768x512.jpg 768w, https:\/\/solartradex.com\/blog\/wp-content\/uploads\/2024\/01\/raons-per-instalar-plaques-solars-aquest-2024.jpg 849w\" sizes=\"(max-width: 300px) 100vw, 300px\" title=\"\"><\/div><\/a>\n\t\t\t\t<div class=\"elementor-post__badge\">Instalaciones solares<\/div>\n\t\t\t\t<div class=\"elementor-post__text\">\n\t\t\t\t<h2 class=\"elementor-post__title\">\n\t\t\t<a href=\"https:\/\/solartradex.com\/blog\/7-razones-para-instalar-placas-solares-en-casa-este-ano-2024\/\">\n\t\t\t\t7 razones para instalar placas solares en casa este a\u00f1o 2024\t\t\t<\/a>\n\t\t<\/h2>\n\t\t\t\t<div class=\"elementor-post__excerpt\">\n\t\t\t<p>Estimadas amigas y amigos de nuestro blog. &nbsp;Antes de nada permitidme empezar este nuevo a\u00f1o dese\u00e1ndoos a todos un fant\u00e1stico 2024, que \u00e9ste sea rebosante<\/p>\n\t\t<\/div>\n\t\t\t\t\t<div class=\"elementor-post__read-more-wrapper\">\n\t\t\n\t\t<a class=\"elementor-post__read-more\" href=\"https:\/\/solartradex.com\/blog\/7-razones-para-instalar-placas-solares-en-casa-este-ano-2024\/\" aria-label=\"Read more about 7 razones para instalar placas solares en casa este a\u00f1o 2024\" tabindex=\"-1\">\n\t\t\tLeer m\u00e1s <i class=\"fa fa-arrow-right\"><\/i>\t\t<\/a>\n\n\t\t\t\t\t<\/div>\n\t\t\t\t<\/div>\n\t\t\t\t\t<\/div>\n\t\t<\/article>\n\t\t\t\t<article class=\"elementor-post elementor-grid-item post-10206 post type-post status-publish format-standard has-post-thumbnail hentry category-instalaciones-solares category-autoconsumo tag-huawei-luna-s-1\">\n\t\t\t<div class=\"elementor-post__card\">\n\t\t\t\t<a class=\"elementor-post__thumbnail__link\" href=\"https:\/\/solartradex.com\/blog\/instalamos-baterias-en-casa\/\" tabindex=\"-1\"><div class=\"elementor-post__thumbnail\"><img loading=\"lazy\" decoding=\"async\" width=\"300\" height=\"221\" src=\"https:\/\/solartradex.com\/blog\/wp-content\/uploads\/2023\/11\/bateries-a-casa-foto-1-300x221.jpg\" class=\"attachment-medium size-medium wp-image-10207\" alt=\"bateries a casa foto 1\" srcset=\"https:\/\/solartradex.com\/blog\/wp-content\/uploads\/2023\/11\/bateries-a-casa-foto-1-300x221.jpg 300w, https:\/\/solartradex.com\/blog\/wp-content\/uploads\/2023\/11\/bateries-a-casa-foto-1-768x566.jpg 768w, https:\/\/solartradex.com\/blog\/wp-content\/uploads\/2023\/11\/bateries-a-casa-foto-1.jpg 939w\" sizes=\"(max-width: 300px) 100vw, 300px\" title=\"\"><\/div><\/a>\n\t\t\t\t<div class=\"elementor-post__badge\">Instalaciones solares<\/div>\n\t\t\t\t<div class=\"elementor-post__text\">\n\t\t\t\t<h2 class=\"elementor-post__title\">\n\t\t\t<a href=\"https:\/\/solartradex.com\/blog\/instalamos-baterias-en-casa\/\">\n\t\t\t\t\u00bfInstalamos bater\u00edas en casa?\t\t\t<\/a>\n\t\t<\/h2>\n\t\t\t\t<div class=\"elementor-post__excerpt\">\n\t\t\t<p>La transici\u00f3n energ\u00e9tica ha acelerado de manera definitiva en los \u00faltimos tiempos, convirti\u00e9ndose en un concepto conocido e interiorizado por una gran mayor\u00eda de la<\/p>\n\t\t<\/div>\n\t\t\t\t\t<div class=\"elementor-post__read-more-wrapper\">\n\t\t\n\t\t<a class=\"elementor-post__read-more\" href=\"https:\/\/solartradex.com\/blog\/instalamos-baterias-en-casa\/\" aria-label=\"Read more about \u00bfInstalamos bater\u00edas en casa?\" tabindex=\"-1\">\n\t\t\tLeer m\u00e1s <i class=\"fa fa-arrow-right\"><\/i>\t\t<\/a>\n\n\t\t\t\t\t<\/div>\n\t\t\t\t<\/div>\n\t\t\t\t\t<\/div>\n\t\t<\/article>\n\t\t\t\t<article class=\"elementor-post elementor-grid-item post-10050 post type-post status-publish format-standard has-post-thumbnail hentry category-autoconsumo\">\n\t\t\t<div class=\"elementor-post__card\">\n\t\t\t\t<a class=\"elementor-post__thumbnail__link\" href=\"https:\/\/solartradex.com\/blog\/la-cara-triste-del-autoconsumo\/\" tabindex=\"-1\"><div class=\"elementor-post__thumbnail\"><img loading=\"lazy\" decoding=\"async\" width=\"300\" height=\"286\" src=\"https:\/\/solartradex.com\/blog\/wp-content\/uploads\/2023\/11\/cara-triste-autoconsumo-1-300x286.png\" class=\"attachment-medium size-medium wp-image-10067\" alt=\"\" srcset=\"https:\/\/solartradex.com\/blog\/wp-content\/uploads\/2023\/11\/cara-triste-autoconsumo-1-300x286.png 300w, https:\/\/solartradex.com\/blog\/wp-content\/uploads\/2023\/11\/cara-triste-autoconsumo-1.png 367w\" sizes=\"(max-width: 300px) 100vw, 300px\" title=\"\"><\/div><\/a>\n\t\t\t\t<div class=\"elementor-post__badge\">Autoconsumo<\/div>\n\t\t\t\t<div class=\"elementor-post__text\">\n\t\t\t\t<h2 class=\"elementor-post__title\">\n\t\t\t<a href=\"https:\/\/solartradex.com\/blog\/la-cara-triste-del-autoconsumo\/\">\n\t\t\t\tLa cara triste del autoconsumo.\t\t\t<\/a>\n\t\t<\/h2>\n\t\t\t\t<div class=\"elementor-post__excerpt\">\n\t\t\t<p>En los \u00faltimos a\u00f1os y desde la aprobaci\u00f3n del RD244\/2019, de 5 de abril, por el cual se regulan las condiciones administrativas, t\u00e9cnicas y econ\u00f3micas<\/p>\n\t\t<\/div>\n\t\t\t\t\t<div class=\"elementor-post__read-more-wrapper\">\n\t\t\n\t\t<a class=\"elementor-post__read-more\" href=\"https:\/\/solartradex.com\/blog\/la-cara-triste-del-autoconsumo\/\" aria-label=\"Read more about La cara triste del autoconsumo.\" tabindex=\"-1\">\n\t\t\tLeer m\u00e1s <i class=\"fa fa-arrow-right\"><\/i>\t\t<\/a>\n\n\t\t\t\t\t<\/div>\n\t\t\t\t<\/div>\n\t\t\t\t\t<\/div>\n\t\t<\/article>\n\t\t\t\t<\/div>\n\t\t\n\t\t\t\t<div class=\"e-load-more-anchor\" data-page=\"1\" data-max-page=\"10\" data-next-page=\"https:\/\/solartradex.com\/blog\/wp-json\/wp\/v2\/pages\/9988\/page\/2\/\"><\/div>\n\t\t\t\t<nav class=\"elementor-pagination\" aria-label=\"Pagination\">\n\t\t\t<span aria-current=\"page\" class=\"page-numbers current\"><span class=\"elementor-screen-only\">Page<\/span>1<\/span>\n<a class=\"page-numbers\" href=\"https:\/\/solartradex.com\/blog\/wp-json\/wp\/v2\/pages\/9988\/page\/2\/\"><span class=\"elementor-screen-only\">Page<\/span>2<\/a>\n<a class=\"page-numbers\" href=\"https:\/\/solartradex.com\/blog\/wp-json\/wp\/v2\/pages\/9988\/page\/3\/\"><span class=\"elementor-screen-only\">Page<\/span>3<\/a>\n<a class=\"page-numbers\" href=\"https:\/\/solartradex.com\/blog\/wp-json\/wp\/v2\/pages\/9988\/page\/4\/\"><span class=\"elementor-screen-only\">Page<\/span>4<\/a>\n<a class=\"page-numbers\" href=\"https:\/\/solartradex.com\/blog\/wp-json\/wp\/v2\/pages\/9988\/page\/5\/\"><span class=\"elementor-screen-only\">Page<\/span>5<\/a>\n<a class=\"page-numbers\" href=\"https:\/\/solartradex.com\/blog\/wp-json\/wp\/v2\/pages\/9988\/page\/6\/\"><span class=\"elementor-screen-only\">Page<\/span>6<\/a>\n<a class=\"page-numbers\" href=\"https:\/\/solartradex.com\/blog\/wp-json\/wp\/v2\/pages\/9988\/page\/7\/\"><span class=\"elementor-screen-only\">Page<\/span>7<\/a>\n<a class=\"page-numbers\" href=\"https:\/\/solartradex.com\/blog\/wp-json\/wp\/v2\/pages\/9988\/page\/8\/\"><span class=\"elementor-screen-only\">Page<\/span>8<\/a>\n<a class=\"page-numbers\" href=\"https:\/\/solartradex.com\/blog\/wp-json\/wp\/v2\/pages\/9988\/page\/9\/\"><span class=\"elementor-screen-only\">Page<\/span>9<\/a>\n<a class=\"page-numbers\" href=\"https:\/\/solartradex.com\/blog\/wp-json\/wp\/v2\/pages\/9988\/page\/10\/\"><span class=\"elementor-screen-only\">Page<\/span>10<\/a>\t\t<\/nav>\n\t\t\t\t\t\t<\/div>\n\t\t\t\t<\/div>\n\t\t\t\t\t<\/div>\n\t\t<\/div>\n\t\t\t\t<div class=\"elementor-column elementor-col-33 elementor-top-column elementor-element elementor-element-1f5bd371\" data-id=\"1f5bd371\" data-element_type=\"column\" data-e-type=\"column\">\n\t\t\t<div class=\"elementor-widget-wrap elementor-element-populated\">\n\t\t\t\t\t\t<div class=\"elementor-element elementor-element-4fba6809 elementor-widget elementor-widget-sidebar\" data-id=\"4fba6809\" data-element_type=\"widget\" data-e-type=\"widget\" data-widget_type=\"sidebar.default\">\n\t\t\t\t<div class=\"elementor-widget-container\">\n\t\t\t\t\t<aside id=\"block-51\" class=\"widget widget_block widget_search\"><form role=\"search\" method=\"get\" action=\"https:\/\/solartradex.com\/blog\/\" class=\"wp-block-search__button-outside wp-block-search__text-button wp-block-search\"    ><label class=\"wp-block-search__label\" for=\"wp-block-search__input-1\" >Buscar<\/label><div class=\"wp-block-search__inside-wrapper\" ><input class=\"wp-block-search__input\" id=\"wp-block-search__input-1\" placeholder=\"\" value=\"\" type=\"search\" name=\"s\" required \/><button aria-label=\"Buscar\" class=\"wp-block-search__button wp-element-button\" type=\"submit\" >Buscar<\/button><\/div><\/form><\/aside><aside id=\"block-52\" class=\"widget widget_block\">\n<div style=\"height:38px\" aria-hidden=\"true\" class=\"wp-block-spacer\"><\/div>\n<\/aside><aside id=\"block-45\" class=\"widget widget_block widget_text\">\n<p class=\"title-ultimas-entradas wp-block-paragraph\"><strong>\u00daltimas entradas<\/strong><\/p>\n<\/aside><aside id=\"block-27\" class=\"widget widget_block widget_text\"><\/aside><aside id=\"block-2\" class=\"widget widget_block widget_recent_entries\"><ul class=\"wp-block-latest-posts__list last-entries wp-block-latest-posts\"><li><a class=\"wp-block-latest-posts__post-title\" href=\"https:\/\/solartradex.com\/blog\/factor-de-insularidad-2026-2027-baleares\/\">Convocatoria Factor de Insularidad 2026-2027 en las Islas Baleares: an\u00e1lisis de los cuatro programas oficiales y sinergias fiscales<\/a><\/li>\n<li><a class=\"wp-block-latest-posts__post-title\" href=\"https:\/\/solartradex.com\/blog\/deducciones-incentivos-guia-rdl-07-2026-irpf-autoconsumo-solar\/\">RDL 7\/2026: an\u00e1lisis de las medidas que reconfiguran el autoconsumo, la eficiencia energ\u00e9tica y el acceso a la red<\/a><\/li>\n<li><a class=\"wp-block-latest-posts__post-title\" href=\"https:\/\/solartradex.com\/blog\/huawei-presenta-la-bateria-lunas0-lunas1-huawei\/\">Huawei presenta la bater\u00eda LUNA &#8211; S1 y finaliza la producci\u00f3n del modelo LUNA-S0<\/a><\/li>\n<li><a class=\"wp-block-latest-posts__post-title\" href=\"https:\/\/solartradex.com\/blog\/ayudas-next-generation-solar\/\">Ayudas Next Generation y autoconsumo solar: \u00abhistoria\u00bb o \u00abtragicomedia\u00bb de las subvenciones<\/a><\/li>\n<li><a class=\"wp-block-latest-posts__post-title\" href=\"https:\/\/solartradex.com\/blog\/ayudas-fotopar-2026-baterias-baleares\/\">Ayudas Fotopar 2026 para Bater\u00edas: Por qu\u00e9 es recomendable ampliar m\u00e1s de lo que crees<\/a><\/li>\n<\/ul><\/aside><aside id=\"block-30\" class=\"widget widget_block widget_text\"><\/aside><aside id=\"block-43\" class=\"widget widget_block widget_text\">\n<p class=\"title-ultimas-entradas wp-block-paragraph\"><\/p>\n<\/aside>\t\t\t\t<\/div>\n\t\t\t\t<\/div>\n\t\t\t\t\t<\/div>\n\t\t<\/div>\n\t\t\t\t\t<\/div>\n\t\t<\/section>\n\t\t\t\t<\/div>\n\t\t","protected":false},"excerpt":{"rendered":"<p>Blog sobre Energ\u00eda Solar, Autoconsumo e Independencia Energ\u00e9tica<\/p>\n","protected":false},"author":274,"featured_media":0,"parent":0,"menu_order":0,"comment_status":"closed","ping_status":"closed","template":"elementor_header_footer","meta":{"inline_featured_image":false,"_mbp_gutenberg_autopost":false,"footnotes":""},"class_list":["post-9988","page","type-page","status-publish","hentry"],"post_mailing_queue_ids":[],"_links":{"self":[{"href":"https:\/\/solartradex.com\/blog\/wp-json\/wp\/v2\/pages\/9988","targetHints":{"allow":["GET"]}}],"collection":[{"href":"https:\/\/solartradex.com\/blog\/wp-json\/wp\/v2\/pages"}],"about":[{"href":"https:\/\/solartradex.com\/blog\/wp-json\/wp\/v2\/types\/page"}],"author":[{"embeddable":true,"href":"https:\/\/solartradex.com\/blog\/wp-json\/wp\/v2\/users\/274"}],"replies":[{"embeddable":true,"href":"https:\/\/solartradex.com\/blog\/wp-json\/wp\/v2\/comments?post=9988"}],"version-history":[{"count":2,"href":"https:\/\/solartradex.com\/blog\/wp-json\/wp\/v2\/pages\/9988\/revisions"}],"predecessor-version":[{"id":12391,"href":"https:\/\/solartradex.com\/blog\/wp-json\/wp\/v2\/pages\/9988\/revisions\/12391"}],"wp:attachment":[{"href":"https:\/\/solartradex.com\/blog\/wp-json\/wp\/v2\/media?parent=9988"}],"curies":[{"name":"wp","href":"https:\/\/api.w.org\/{rel}","templated":true}]}}